{"id":192,"date":"2018-10-10T21:59:09","date_gmt":"2018-10-10T19:59:09","guid":{"rendered":"http:\/\/www.napredak-hamburg.de\/wordpress\/?page_id=192"},"modified":"2026-03-13T22:18:26","modified_gmt":"2026-03-13T21:18:26","slug":"hrvatski-folklor","status":"publish","type":"page","link":"http:\/\/www.napredak-hamburg.de\/wordpress\/hrvatski-folklor\/","title":{"rendered":"Hrvatski folklor"},"content":{"rendered":"<p style=\"font-size: 20px; text-align: left;\"><b><img decoding=\"async\" loading=\"lazy\" class=\"alignright wp-image-222 size-full\" src=\"http:\/\/www.napredak-hamburg.de\/wordpress\/wp-content\/uploads\/2019\/06\/flyer-folklor-1.png\" alt=\"\" width=\"407\" height=\"601\" srcset=\"http:\/\/www.napredak-hamburg.de\/wordpress\/wp-content\/uploads\/2019\/06\/flyer-folklor-1.png 407w, http:\/\/www.napredak-hamburg.de\/wordpress\/wp-content\/uploads\/2019\/06\/flyer-folklor-1-203x300.png 203w\" sizes=\"(max-width: 407px) 100vw, 407px\" \/><\/b><\/p>\n<p style=\"font-size: 20px; text-align: left;\"><strong><em>Nama je va\u017eno da tradicija \u017eivi i dalje, da ne postane dio pro\u0161losti, ve\u0107 sada\u0161njosti i budu\u0107nosti.<\/em><\/strong><\/p>\n<p style=\"font-size: 20px; text-align: left;\">Od malih nogu u na\u0161oj dje\u010djoj grupi u\u010de djeca od 6 do 14 godina. Tako\u0111er imamo grupu velikih od 14 godina pa nadalje. Pozivamo sve zainteresirane da se pridru\u017ee na\u0161oj folklornoj skupini kako bismo se i dalje dru\u017eili uz pjesmu i ples, a najmla\u0111e u\u010dili starim obi\u010dajima i plesovima.<\/p>\n<p style=\"font-size: 20px; text-align: left;\">Dje\u010dje probe su svaki petak od <strong>18:00 do 19:00 sati<\/strong> u sali Danziger Str 64. Probe velike folklorne grupe zajedno sa probama tambura\u0161kog sastava su svaki petak <strong>od 19:00 do 21:00 sati<\/strong> u dvorani Danziger Str 64.<\/p>\n<p style=\"font-size: 20px; text-align: left;\">Do\u0111ite i pogledajte kako napredujemo!<\/p>\n<p style=\"font-size: 20px; text-align: left;\">Za sve ostale informacije javite nam se preko na\u0161ih <a href=\"https:\/\/www.facebook.com\/hkdnapredakhamburg\/\">dru\u0161tvenih mre\u017ea<\/a> ili nam po\u0161aljite E-Mail na<\/p>\n<p style=\"font-size: 20px; text-align: left;\"><strong>info@napredak-hamburg.de<\/strong><\/p>\n","protected":false},"excerpt":{"rendered":"<p>Nama je va\u017eno da tradicija \u017eivi i dalje, da ne postane dio pro\u0161losti, ve\u0107 sada\u0161njosti i budu\u0107nosti. Od malih nogu&#8230;<\/p>\n","protected":false},"author":2,"featured_media":0,"parent":0,"menu_order":0,"comment_status":"closed","ping_status":"closed","template":"","meta":[],"_links":{"self":[{"href":"http:\/\/www.napredak-hamburg.de\/wordpress\/wp-json\/wp\/v2\/pages\/192"}],"collection":[{"href":"http:\/\/www.napredak-hamburg.de\/wordpress\/wp-json\/wp\/v2\/pages"}],"about":[{"href":"http:\/\/www.napredak-hamburg.de\/wordpress\/wp-json\/wp\/v2\/types\/page"}],"author":[{"embeddable":true,"href":"http:\/\/www.napredak-hamburg.de\/wordpress\/wp-json\/wp\/v2\/users\/2"}],"replies":[{"embeddable":true,"href":"http:\/\/www.napredak-hamburg.de\/wordpress\/wp-json\/wp\/v2\/comments?post=192"}],"version-history":[{"count":20,"href":"http:\/\/www.napredak-hamburg.de\/wordpress\/wp-json\/wp\/v2\/pages\/192\/revisions"}],"predecessor-version":[{"id":399,"href":"http:\/\/www.napredak-hamburg.de\/wordpress\/wp-json\/wp\/v2\/pages\/192\/revisions\/399"}],"wp:attachment":[{"href":"http:\/\/www.napredak-hamburg.de\/wordpress\/wp-json\/wp\/v2\/media?parent=192"}],"curies":[{"name":"wp","href":"https:\/\/api.w.org\/{rel}","templated":true}]}}